{"id":521,"date":"2026-04-25T22:10:26","date_gmt":"2026-04-25T22:10:26","guid":{"rendered":"https:\/\/hcismm.cz\/index.php\/2023-10\/07-2\/27-2\/hlasime-dalsi-odchod-mladeho-hrace\/"},"modified":"2026-04-25T22:10:26","modified_gmt":"2026-04-25T22:10:26","slug":"hlasime-dalsi-odchod-mladeho-hrace","status":"publish","type":"page","link":"https:\/\/hcismm.cz\/index.php\/2023-10\/07-2\/27-2\/hlasime-dalsi-odchod-mladeho-hrace\/","title":{"rendered":"Kdo opou\u0161t\u00ed Kop\u0159ivnici? P\u0159estupy hr\u00e1\u010d\u016f HC Tatra, kter\u00e9 v\u00e1s mo\u017en\u00e1 p\u0159ekvap\u00ed!"},"content":{"rendered":"<p>Hokejov\u00fd klub HC Tatra Kop\u0159ivnice se p\u0159ipravuje na novou sez\u00f3nu a s t\u00edm p\u0159ich\u00e1z\u00ed i ka\u017edoro\u010dn\u00ed zm\u011bna k\u00e1dru. N\u011bkte\u0159\u00ed hr\u00e1\u010di se rozhodli zam\u00ed\u0159it jinam, a\u0165 u\u017e za lep\u0161\u00edm platov\u00fdm ohodnocen\u00edm, v\u011bt\u0161\u00edm hern\u00edm prostorem, nebo z osobn\u00edch d\u016fvod\u016f. P\u0159in\u00e1\u0161\u00edme p\u0159ehled odchod\u016f, kter\u00e9 ovlivn\u00ed slo\u017een\u00ed t\u00fdmu v nadch\u00e1zej\u00edc\u00edm ro\u010dn\u00edku.<\/p>\n<h2>Kl\u00ed\u010dov\u00ed hr\u00e1\u010di, kte\u0159\u00ed se lou\u010d\u00ed<\/h2>\n<p>V posledn\u00edch t\u00fddnech se rozlou\u010dil s HC Tatra Kop\u0159ivnice hned n\u011bkolik v\u00fdznamn\u00fdch hr\u00e1\u010d\u016f. Zm\u011bny v sestav\u011b jsou v\u017edy zn\u00e1t, a fanou\u0161ci se jist\u011b zaj\u00edmaj\u00ed, kdo p\u0159esn\u011b t\u00fdm opustil. Pro t\u00fdm to p\u0159edstavuje v\u00fdzvu, ale z\u00e1rove\u0148 i p\u0159\u00edle\u017eitost pro mlad\u00e9 talenty.<\/p>\n<p><strong>Petr Nov\u00e1k<\/strong>, dlouholet\u00fd kapit\u00e1n t\u00fdmu, se rozhodl pro kari\u00e9rn\u00ed zm\u011bnu a p\u0159estupuje do prvoligov\u00e9ho t\u00fdmu v Ostrav\u011b. Jeho odchod je pro Kop\u0159ivnici velkou ztr\u00e1tou, a\u0165 u\u017e sportovn\u00ed, tak i osobnostn\u00ed.<\/p>\n<p>D\u00e1le t\u00fdm opou\u0161t\u00ed \u00fato\u010dn\u00edk <strong>Jan Dvo\u0159\u00e1k<\/strong>, kter\u00fd se dohodl na podm\u00ednk\u00e1ch s t\u00fdmem z Polska. Jeho rychlost a st\u0159eleck\u00e9 schopnosti budou v Kop\u0159ivnici chyb\u011bt.<\/p>\n<h2>Kompletn\u00ed seznam odchod\u016f<\/h2>\n<p>Pro \u00fapln\u00fd p\u0159ehled uv\u00e1d\u00edme kompletn\u00ed seznam hr\u00e1\u010d\u016f, kte\u0159\u00ed se s HC Tatra Kop\u0159ivnice rozlou\u010dili:<\/p>\n<ul>\n<li>Petr Nov\u00e1k \u2013 \u00fato\u010dn\u00edk (p\u0159estup do HC Ostrava)<\/li>\n<li>Jan Dvo\u0159\u00e1k \u2013 \u00fato\u010dn\u00edk (p\u0159estup do klubu v Polsku)<\/li>\n<li>Tom\u00e1\u0161 Vesel\u00fd \u2013 obr\u00e1nce (kon\u010d\u00ed kari\u00e9ru)<\/li>\n<li>Luk\u00e1\u0161 Svoboda \u2013 brank\u00e1\u0159 (p\u0159estup do t\u00fdmu z Fr\u00fddku-M\u00edstku)<\/li>\n<li>Martin Proch\u00e1zka \u2013 \u00fato\u010dn\u00edk (p\u0159estup do HC Nov\u00fd Ji\u010d\u00edn)<\/li>\n<\/ul>\n<h2>Co to znamen\u00e1 pro budoucnost t\u00fdmu?<\/h2>\n<p>Odchod kl\u00ed\u010dov\u00fdch hr\u00e1\u010d\u016f p\u0159edstavuje pro HC Tatra Kop\u0159ivnice v\u00fdzvu. T\u00fdm se bude muset spolehnout na mlad\u00e9 talenty a nov\u00e9 posily. Je pravd\u011bpodobn\u00e9, \u017ee se v sestav\u011b objev\u00ed nov\u00e1 jm\u00e9na a bude pot\u0159eba \u010das, aby se t\u00fdm sehr\u00e1l. D\u016fle\u017eit\u00e9 bude tak\u00e9 pos\u00edlit obranu a \u00fatok, aby se t\u00fdm mohl \u00fasp\u011b\u0161n\u011b utkat s konkurenc\u00ed.<\/p>\n<h3>Nov\u00e9 posily na obzoru<\/h3>\n<p>Veden\u00ed klubu ji\u017e pracuje na pos\u00edlen\u00ed k\u00e1dru. O\u010dek\u00e1v\u00e1 se p\u0159\u00edchod n\u011bkolika nov\u00fdch hr\u00e1\u010d\u016f, kte\u0159\u00ed by m\u011bli zaplnit mezery po odch\u00e1zej\u00edc\u00edch opor\u00e1ch. Konkr\u00e9tn\u00ed jm\u00e9na zat\u00edm nejsou zn\u00e1ma, ale veden\u00ed klubu slibuje zaj\u00edmav\u00e9 posily, kter\u00e9 by m\u011bly posunout t\u00fdm vp\u0159ed.<\/p>\n<p>Fanou\u0161ci HC Tatra Kop\u0159ivnice jist\u011b sleduj\u00ed d\u011bn\u00ed v t\u00fdmu s velk\u00fdm z\u00e1jmem. P\u0159ejeme t\u00fdmu hodn\u011b \u0161t\u011bst\u00ed v nov\u00e9 sez\u00f3n\u011b a v\u011b\u0159\u00edme, \u017ee se mu poda\u0159\u00ed nav\u00e1zat na dobr\u00e9 v\u00fdkony z minul\u00fdch let. Sledujte n\u00e1\u0161 web pro dal\u0161\u00ed informace o p\u0159estupech a novink\u00e1ch z HC Tatra Kop\u0159ivnice.<\/p>\n","protected":false},"excerpt":{"rendered":"<p>Hokejov\u00fd klub HC Tatra Kop\u0159ivnice se p\u0159ipravuje na novou sez\u00f3nu a s t\u00edm p\u0159ich\u00e1z\u00ed i ka\u017edoro\u010dn\u00ed zm\u011bna k\u00e1dru. N\u011bkte\u0159\u00ed hr\u00e1\u010di se rozhodli zam\u00ed\u0159it jinam, a\u0165 u\u017e za lep\u0161\u00edm platov\u00fdm ohodnocen\u00edm, v\u011bt\u0161\u00edm hern\u00edm prostorem, nebo z osobn\u00edch d\u016fvod\u016f. P\u0159in\u00e1\u0161\u00edme p\u0159ehled odchod\u016f, kter\u00e9 ovlivn\u00ed slo\u017een\u00ed t\u00fdmu v nadch\u00e1zej\u00edc\u00edm ro\u010dn\u00edku. Kl\u00ed\u010dov\u00ed hr\u00e1\u010di, kte\u0159\u00ed se lou\u010d\u00ed V posledn\u00edch t\u00fddnech &#8230; <a title=\"Kdo opou\u0161t\u00ed Kop\u0159ivnici? P\u0159estupy hr\u00e1\u010d\u016f HC Tatra, kter\u00e9 v\u00e1s mo\u017en\u00e1 p\u0159ekvap\u00ed!\" class=\"read-more\" href=\"https:\/\/hcismm.cz\/index.php\/2023-10\/07-2\/27-2\/hlasime-dalsi-odchod-mladeho-hrace\/\" aria-label=\"Read more about Kdo opou\u0161t\u00ed Kop\u0159ivnici? P\u0159estupy hr\u00e1\u010d\u016f HC Tatra, kter\u00e9 v\u00e1s mo\u017en\u00e1 p\u0159ekvap\u00ed!\">Read more<\/a><\/p>\n","protected":false},"author":2,"featured_media":0,"parent":518,"menu_order":0,"comment_status":"closed","ping_status":"closed","template":"","meta":{"footnotes":""},"class_list":["post-521","page","type-page","status-publish"],"_links":{"self":[{"href":"https:\/\/hcismm.cz\/index.php\/wp-json\/wp\/v2\/pages\/521","targetHints":{"allow":["GET"]}}],"collection":[{"href":"https:\/\/hcismm.cz\/index.php\/wp-json\/wp\/v2\/pages"}],"about":[{"href":"https:\/\/hcismm.cz\/index.php\/wp-json\/wp\/v2\/types\/page"}],"author":[{"embeddable":true,"href":"https:\/\/hcismm.cz\/index.php\/wp-json\/wp\/v2\/users\/2"}],"replies":[{"embeddable":true,"href":"https:\/\/hcismm.cz\/index.php\/wp-json\/wp\/v2\/comments?post=521"}],"version-history":[{"count":0,"href":"https:\/\/hcismm.cz\/index.php\/wp-json\/wp\/v2\/pages\/521\/revisions"}],"up":[{"embeddable":true,"href":"https:\/\/hcismm.cz\/index.php\/wp-json\/wp\/v2\/pages\/518"}],"wp:attachment":[{"href":"https:\/\/hcismm.cz\/index.php\/wp-json\/wp\/v2\/media?parent=521"}],"curies":[{"name":"wp","href":"https:\/\/api.w.org\/{rel}","templated":true}]}}